{"id":584,"date":"2024-07-23T16:01:39","date_gmt":"2024-07-23T14:01:39","guid":{"rendered":"https:\/\/sydere.polito.it\/?page_id=584"},"modified":"2025-03-21T17:42:35","modified_gmt":"2025-03-21T16:42:35","slug":"projects","status":"publish","type":"page","link":"https:\/\/sydere.polito.it\/it\/projects\/","title":{"rendered":"Progetti"},"content":{"rendered":"<p>[et_pb_section fb_built=&#8221;1&#8243; admin_label=&#8221;Header&#8221; _builder_version=&#8221;4.20.4&#8243; custom_padding=&#8221;||0px||false|false&#8221; da_disable_devices=&#8221;off|off|off&#8221; collapsed=&#8221;on&#8221; global_colors_info=&#8221;{}&#8221; da_is_popup=&#8221;off&#8221; da_exit_intent=&#8221;off&#8221; da_has_close=&#8221;on&#8221; da_alt_close=&#8221;off&#8221; da_dark_close=&#8221;off&#8221; da_not_modal=&#8221;on&#8221; da_is_singular=&#8221;off&#8221; da_with_loader=&#8221;off&#8221; da_has_shadow=&#8221;on&#8221;][et_pb_row _builder_version=&#8221;4.16&#8243; locked=&#8221;off&#8221; global_colors_info=&#8221;{}&#8221;][et_pb_column type=&#8221;4_4&#8243; _builder_version=&#8221;4.16&#8243; global_colors_info=&#8221;{}&#8221;][et_pb_text _builder_version=&#8221;4.16&#8243; header_2_font=&#8221;Roboto Condensed|700||on|||||&#8221; header_2_font_size=&#8221;12px&#8221; header_2_letter_spacing=&#8221;3px&#8221; custom_margin=&#8221;||10px||false|false&#8221; locked=&#8221;off&#8221; global_colors_info=&#8221;{}&#8221;]<\/p>\n<h2><span style=\"color: #fc3f3f;\">\u2014<\/span> Portfolio<\/h2>\n<p>[\/et_pb_text][et_pb_text _builder_version=&#8221;4.20.4&#8243; header_font=&#8221;Roboto Condensed|700||on|||||&#8221; header_font_size=&#8221;80px&#8221; header_line_height=&#8221;1.1em&#8221; header_font_size_tablet=&#8221;60px&#8221; header_font_size_phone=&#8221;40px&#8221; header_font_size_last_edited=&#8221;on|phone&#8221; locked=&#8221;off&#8221; global_colors_info=&#8221;{}&#8221;]<\/p>\n<h1>I nostri\u00a0<span style=\"color: #c71080;\">Progetti<\/span><\/h1>\n<p>[\/et_pb_text][\/et_pb_column][\/et_pb_row][\/et_pb_section][et_pb_section fb_built=&#8221;1&#8243; admin_label=&#8221;Toscani&#8221; _builder_version=&#8221;4.20.4&#8243; _module_preset=&#8221;default&#8221; background_enable_color=&#8221;off&#8221; background_image=&#8221;https:\/\/sydere.polito.it\/wp-content\/uploads\/2025\/03\/sydere-website-project-toscani-3.jpg&#8221; parallax=&#8221;on&#8221; parallax_method=&#8221;off&#8221; custom_margin=&#8221;5vw|5vw|5vw|5vw|true|true&#8221; custom_margin_tablet=&#8221;||||true|true&#8221; custom_margin_phone=&#8221;0%|0%|0%|0%|true|true&#8221; custom_margin_last_edited=&#8221;off|desktop&#8221; custom_padding=&#8221;6vw|6vw|6vw|6vw|true|true&#8221; da_disable_devices=&#8221;off|off|off&#8221; locked=&#8221;off&#8221; collapsed=&#8221;on&#8221; global_colors_info=&#8221;{%22gcid-1b3c32b3-47a7-43a2-aa95-46c707124d7b%22:%91%22background_color_gradient_stops%22,%22background_color_gradient_stops%22,%22background_color_gradient_stops%22%93,%22gcid-b11513af-1b2a-4de7-ba7d-a80ed7bd01a9%22:%91%22background_color_gradient_stops%22,%22background_color_gradient_stops%22,%22background_color_gradient_stops%22%93}&#8221; da_is_popup=&#8221;off&#8221; da_exit_intent=&#8221;off&#8221; da_has_close=&#8221;on&#8221; da_alt_close=&#8221;off&#8221; da_dark_close=&#8221;off&#8221; da_not_modal=&#8221;on&#8221; da_is_singular=&#8221;off&#8221; da_with_loader=&#8221;off&#8221; da_has_shadow=&#8221;on&#8221;][et_pb_row _builder_version=&#8221;4.20.4&#8243; _module_preset=&#8221;default&#8221; background_color=&#8221;#FAFAFA&#8221; width=&#8221;100%&#8221; custom_padding=&#8221;6%|6%|6%|6%|true|true&#8221; scroll_vertical_motion=&#8221;0|50|50|100|1|0|-1&#8243; global_colors_info=&#8221;{}&#8221;][et_pb_column type=&#8221;4_4&#8243; _builder_version=&#8221;4.23.2&#8243; _module_preset=&#8221;default&#8221; global_colors_info=&#8221;{}&#8221;][et_pb_toggle title=&#8221;Oliviero Toscani Archive&#8221; open_toggle_text_color=&#8221;gcid-b11d49f2-4959-4e90-811e-26a12b68fe62&#8243; open_toggle_background_color=&#8221;RGBA(255,255,255,0)&#8221; closed_toggle_background_color=&#8221;RGBA(255,255,255,0)&#8221; icon_color=&#8221;gcid-b11d49f2-4959-4e90-811e-26a12b68fe62&#8243; toggle_icon=&#8221;&#x22;||divi||400&#8243; use_icon_font_size=&#8221;on&#8221; icon_font_size=&#8221;35px&#8221; open_icon_color=&#8221;gcid-b11d49f2-4959-4e90-811e-26a12b68fe62&#8243; open_toggle_icon=&#8221;&#x21;||divi||400&#8243; open_use_icon_font_size=&#8221;on&#8221; open_icon_font_size=&#8221;35px&#8221; admin_label=&#8221;Toscani&#8221; _builder_version=&#8221;4.20.4&#8243; _module_preset=&#8221;default&#8221; title_text_color=&#8221;gcid-b11d49f2-4959-4e90-811e-26a12b68fe62&#8243; title_level=&#8221;h2&#8243; title_font_size=&#8221;40px&#8221; title_line_height=&#8221;1.1em&#8221; title_font_size_tablet=&#8221;35px&#8221; title_font_size_phone=&#8221;5vw&#8221; title_font_size_last_edited=&#8221;on|phone&#8221; border_width_all=&#8221;0px&#8221; global_colors_info=&#8221;{%22gcid-b11d49f2-4959-4e90-811e-26a12b68fe62%22:%91%22open_toggle_text_color%22,%22title_text_color%22,%22open_icon_color%22,%22icon_color%22%93}&#8221;]<\/p>\n<p>l progetto, realizzato in collaborazione con Promemoria Group, si propone di valorizzare l\u2019immenso patrimonio culturale custodito nell\u2019archivio di Oliviero Toscani, celebre fotografo e comunicatore di fama internazionale. Tale patrimonio comprende un vasto assortimento di materiali: migliaia di fotografie, molte delle quali inedite, corrispondenza personale e professionale, nonch\u00e9 un\u2019ampia raccolta di documenti e pubblicazioni editoriali.<\/p>\n<p>L\u2019iniziativa si distingue per l\u2019utilizzo innovativo dell\u2019intelligenza artificiale, impiegata per analizzare, catalogare e rendere pi\u00f9 facilmente accessibili i contenuti dell\u2019archivio, con l\u2019obiettivo di preservare e diffondere la memoria storica e artistica del lavoro di Toscani. Attraverso avanzati strumenti tecnologici, il progetto mira non solo a organizzare e digitalizzare i materiali, ma anche a creare nuove modalit\u00e0 di fruizione per il pubblico, favorendo cos\u00ec una conoscenza pi\u00f9 approfondita dell\u2019opera dell\u2019artista e del contesto culturale in cui si \u00e8 sviluppata.<\/p>\n<p>[\/et_pb_toggle][\/et_pb_column][\/et_pb_row][\/et_pb_section][et_pb_section fb_built=&#8221;1&#8243; disabled_on=&#8221;off|off|off&#8221; admin_label=&#8221;Riva&#8221; _builder_version=&#8221;4.20.4&#8243; _module_preset=&#8221;default&#8221; background_image=&#8221;https:\/\/sydere.polito.it\/wp-content\/uploads\/2025\/03\/sydere-website-project-riva.png&#8221; parallax=&#8221;on&#8221; parallax_method=&#8221;off&#8221; custom_margin=&#8221;5vw|5vw|5vw|5vw|true|true&#8221; custom_margin_tablet=&#8221;||||true|true&#8221; custom_margin_phone=&#8221;0%|0%|0%|0%|true|true&#8221; custom_margin_last_edited=&#8221;off|desktop&#8221; custom_padding=&#8221;6vw|6vw|6vw|6vw|true|true&#8221; da_disable_devices=&#8221;off|off|off&#8221; locked=&#8221;off&#8221; collapsed=&#8221;on&#8221; global_colors_info=&#8221;{%22gcid-1b3c32b3-47a7-43a2-aa95-46c707124d7b%22:%91%22background_color%22,%22background_color_gradient_stops%22,%22background_color%22,%22background_color_gradient_stops%22,%22background_color_gradient_stops%22%93,%22gcid-b11513af-1b2a-4de7-ba7d-a80ed7bd01a9%22:%91%22background_color_gradient_stops%22,%22background_color_gradient_stops%22,%22background_color_gradient_stops%22%93}&#8221; da_is_popup=&#8221;off&#8221; da_exit_intent=&#8221;off&#8221; da_has_close=&#8221;on&#8221; da_alt_close=&#8221;off&#8221; da_dark_close=&#8221;off&#8221; da_not_modal=&#8221;on&#8221; da_is_singular=&#8221;off&#8221; da_with_loader=&#8221;off&#8221; da_has_shadow=&#8221;on&#8221;][et_pb_row _builder_version=&#8221;4.20.4&#8243; _module_preset=&#8221;default&#8221; background_color=&#8221;#FAFAFA&#8221; width=&#8221;100%&#8221; custom_padding=&#8221;6%|6%|6%|6%|true|true&#8221; scroll_vertical_motion=&#8221;0|50|50|100|1|0|-1&#8243; global_colors_info=&#8221;{}&#8221;][et_pb_column type=&#8221;4_4&#8243; _builder_version=&#8221;4.23.2&#8243; _module_preset=&#8221;default&#8221; global_colors_info=&#8221;{}&#8221;][et_pb_image src=&#8221;https:\/\/sydere.polito.it\/wp-content\/uploads\/2025\/03\/sydere-website-content-riva-2.png&#8221; title_text=&#8221;sydere-website-content-riva-2&#8243; align=&#8221;center&#8221; disabled_on=&#8221;off|off|off&#8221; _builder_version=&#8221;4.20.4&#8243; _module_preset=&#8221;default&#8221; width=&#8221;50%&#8221; global_colors_info=&#8221;{}&#8221;][\/et_pb_image][et_pb_toggle title=&#8221;Riva shipyard heritage historical research program&#8221; open_toggle_text_color=&#8221;gcid-b11d49f2-4959-4e90-811e-26a12b68fe62&#8243; open_toggle_background_color=&#8221;RGBA(255,255,255,0)&#8221; closed_toggle_background_color=&#8221;RGBA(255,255,255,0)&#8221; icon_color=&#8221;gcid-b11d49f2-4959-4e90-811e-26a12b68fe62&#8243; toggle_icon=&#8221;&#x22;||divi||400&#8243; use_icon_font_size=&#8221;on&#8221; icon_font_size=&#8221;35px&#8221; open_icon_color=&#8221;gcid-b11d49f2-4959-4e90-811e-26a12b68fe62&#8243; open_toggle_icon=&#8221;&#x21;||divi||400&#8243; open_use_icon_font_size=&#8221;on&#8221; open_icon_font_size=&#8221;35px&#8221; admin_label=&#8221;Riva&#8221; _builder_version=&#8221;4.20.4&#8243; _module_preset=&#8221;default&#8221; title_text_color=&#8221;gcid-b11d49f2-4959-4e90-811e-26a12b68fe62&#8243; title_level=&#8221;h2&#8243; title_font_size=&#8221;40px&#8221; title_line_height=&#8221;1.1em&#8221; title_font_size_tablet=&#8221;35px&#8221; title_font_size_phone=&#8221;5vw&#8221; title_font_size_last_edited=&#8221;on|phone&#8221; border_width_all=&#8221;0px&#8221; global_colors_info=&#8221;{%22gcid-b11d49f2-4959-4e90-811e-26a12b68fe62%22:%91%22open_toggle_text_color%22,%22title_text_color%22,%22open_icon_color%22,%22icon_color%22%93}&#8221; content__hover_enabled=&#8221;off|desktop&#8221; content__hover=&#8221;The project aims to conduct in-depth historical research on the heritage of Cantieri Navali RIVA, a leading luxury yacht building brand founded in 1842 in Sarnico (BG), on the shores of Lake Iseo. The program has a special focus on the history of the Aquarama speedboat, an authentic design icon since 1962. Adopting a methodology of historical research linked to systemic thinking, the research contributes to enhance and communicate the multiple narratives that the heritage of the Riva shipyard encompasses: from technological to corporate history, from design to communication without neglecting industrial relations. The project aims to enhance the shipyard&#8217;s tradition and innovation, highlighting the link between craftsmanship and technology, distinctive elements that have made Riva a symbol of excellence and refinement in the luxury yachting sector. &#8220;]<\/p>\n<p>Il progetto mira a condurre una ricerca storica approfondita sull'Heritage dei Cantieri Navali RIVA, brand leader nella costruzione di yacht di lusso fondato nel 1842 a Sarnico (BG), sulle sponde del lago d\u2019Iseo. Il programma ha come focus particolare la storia del motoscafo Aquarama, autentica icona del design dal 1962. Adottando una metodologia di ricerca storica legata al pensiero sistemico, la ricerca concorre a valorizzare e comunicare le molteplici narrazioni che l'heritage del cantiere Riva racchiude: dalla storia tecnologica a quella aziendale, dal design alla comunicazione senza trascurare le relazioni industriali. Il progetto intende valorizzare la tradizione e l\u2019innovazione del cantiere, mettendo in luce il legame tra artigianalit\u00e0 e tecnologia, elementi distintivi che hanno reso Riva un simbolo di eccellenza e raffinatezza nel settore della nautica di lusso.<\/p>\n<p>[\/et_pb_toggle][\/et_pb_column][\/et_pb_row][\/et_pb_section][et_pb_section fb_built=&#8221;1&#8243; admin_label=&#8221;Project&#8221; _builder_version=&#8221;4.20.4&#8243; _module_preset=&#8221;default&#8221; background_image=&#8221;https:\/\/sydere.polito.it\/wp-content\/uploads\/2025\/03\/sydere-website-content-juventus.png&#8221; parallax=&#8221;on&#8221; parallax_method=&#8221;off&#8221; custom_margin=&#8221;5vw|5vw|5vw|5vw|true|true&#8221; custom_margin_tablet=&#8221;||||true|true&#8221; custom_margin_phone=&#8221;0%|0%|0%|0%|true|true&#8221; custom_margin_last_edited=&#8221;off|desktop&#8221; custom_padding=&#8221;6vw|6vw|6vw|6vw|true|true&#8221; da_disable_devices=&#8221;off|off|off&#8221; locked=&#8221;off&#8221; collapsed=&#8221;on&#8221; global_colors_info=&#8221;{%22gcid-1b3c32b3-47a7-43a2-aa95-46c707124d7b%22:%91%22background_color%22,%22background_color_gradient_stops%22,%22background_color%22,%22background_color_gradient_stops%22,%22background_color_gradient_stops%22%93,%22gcid-b11513af-1b2a-4de7-ba7d-a80ed7bd01a9%22:%91%22background_color_gradient_stops%22,%22background_color_gradient_stops%22,%22background_color_gradient_stops%22%93}&#8221; da_is_popup=&#8221;off&#8221; da_exit_intent=&#8221;off&#8221; da_has_close=&#8221;on&#8221; da_alt_close=&#8221;off&#8221; da_dark_close=&#8221;off&#8221; da_not_modal=&#8221;on&#8221; da_is_singular=&#8221;off&#8221; da_with_loader=&#8221;off&#8221; da_has_shadow=&#8221;on&#8221;][et_pb_row _builder_version=&#8221;4.20.4&#8243; _module_preset=&#8221;default&#8221; background_color=&#8221;#FAFAFA&#8221; width=&#8221;100%&#8221; custom_padding=&#8221;6%|6%|6%|6%|true|true&#8221; scroll_vertical_motion=&#8221;0|50|50|100|1|0|-1&#8243; global_colors_info=&#8221;{}&#8221;][et_pb_column type=&#8221;4_4&#8243; _builder_version=&#8221;4.23.2&#8243; _module_preset=&#8221;default&#8221; global_colors_info=&#8221;{}&#8221;][et_pb_image src=&#8221;https:\/\/sydere.polito.it\/wp-content\/uploads\/2025\/03\/sydere-website-content-juventus2.png&#8221; title_text=&#8221;sydere-website-content-juventus2&#8243; align=&#8221;center&#8221; _builder_version=&#8221;4.20.4&#8243; _module_preset=&#8221;default&#8221; max_width=&#8221;40vw&#8221; global_colors_info=&#8221;{}&#8221;][\/et_pb_image][et_pb_toggle title=&#8221;Research project with Juventus FC &#8221; open_toggle_text_color=&#8221;gcid-b11d49f2-4959-4e90-811e-26a12b68fe62&#8243; open_toggle_background_color=&#8221;RGBA(255,255,255,0)&#8221; closed_toggle_background_color=&#8221;RGBA(255,255,255,0)&#8221; icon_color=&#8221;gcid-b11d49f2-4959-4e90-811e-26a12b68fe62&#8243; toggle_icon=&#8221;&#x22;||divi||400&#8243; use_icon_font_size=&#8221;on&#8221; icon_font_size=&#8221;35px&#8221; open_icon_color=&#8221;gcid-b11d49f2-4959-4e90-811e-26a12b68fe62&#8243; open_toggle_icon=&#8221;&#x21;||divi||400&#8243; open_use_icon_font_size=&#8221;on&#8221; open_icon_font_size=&#8221;35px&#8221; _builder_version=&#8221;4.20.4&#8243; _module_preset=&#8221;default&#8221; title_text_color=&#8221;gcid-b11d49f2-4959-4e90-811e-26a12b68fe62&#8243; title_level=&#8221;h2&#8243; title_font_size=&#8221;40px&#8221; title_line_height=&#8221;1.1em&#8221; title_font_size_tablet=&#8221;35px&#8221; title_font_size_phone=&#8221;5vw&#8221; title_font_size_last_edited=&#8221;on|phone&#8221; border_width_all=&#8221;0px&#8221; global_colors_info=&#8221;{%22gcid-b11d49f2-4959-4e90-811e-26a12b68fe62%22:%91%22open_toggle_text_color%22,%22title_text_color%22,%22open_icon_color%22,%22icon_color%22%93}&#8221; content__hover_enabled=&#8221;off|desktop&#8221; content__hover=&#8221;The project aims to conduct in-depth historical research on the heritage of Cantieri Navali RIVA, a leading luxury yacht building brand founded in 1842 in Sarnico (BG), on the shores of Lake Iseo. The program has a special focus on the history of the Aquarama speedboat, an authentic design icon since 1962. Adopting a methodology of historical research linked to systemic thinking, the research contributes to enhance and communicate the multiple narratives that the heritage of the Riva shipyard encompasses: from technological to corporate history, from design to communication without neglecting industrial relations. The project aims to enhance the shipyard&#8217;s tradition and innovation, highlighting the link between craftsmanship and technology, distinctive elements that have made Riva a symbol of excellence and refinement in the luxury yachting sector. &#8220;]<\/p>\n<p>Il progetto di ricerca avviato nel 2017 con la Juventus FC e il SYDERE Center, insieme al team della Dyson School of Design Engineering dell\u2019Imperial College London, si \u00e8 concentrato sul Juventus Stadium (ora Allianz Stadium). L'obiettivo era migliorare l'esperienza dei tifosi prima, durante e dopo le partite. La ricerca ha incluso studi di behavioural design per promuovere comportamenti positivi tra i tifosi e migliorare l'uso degli spazi. Dallo studio dell'area Club Omar Sivori \u00e8 nato un nuovo concept per migliorare l'arredo e stimolare l'interazione tra i tifosi. L'efficacia della nuova configurazione \u00e8 stata valutata usando software di mass motion, confermando miglioramenti nei flussi di persone e interazioni.<br \/>La ricerca ha anche suggerito nuove direzioni progettuali come l'identit\u00e0 visiva della sala, nuove soluzioni di collegamento tra spalti e club, percorsi esperienziali multisensoriali e nuovi scenari di consumo e socializzazione legati al cibo.<\/p>\n<p>[\/et_pb_toggle][\/et_pb_column][\/et_pb_row][\/et_pb_section][et_pb_section fb_built=&#8221;1&#8243; admin_label=&#8221;Project&#8221; _builder_version=&#8221;4.20.4&#8243; _module_preset=&#8221;default&#8221; background_image=&#8221;https:\/\/sydere.polito.it\/wp-content\/uploads\/2025\/03\/sydere-website-archeologia-en-transito-2.jpg&#8221; parallax=&#8221;on&#8221; parallax_method=&#8221;off&#8221; custom_margin=&#8221;5vw|5vw|5vw|5vw|true|true&#8221; custom_margin_tablet=&#8221;||||true|true&#8221; custom_margin_phone=&#8221;0%|0%|0%|0%|true|true&#8221; custom_margin_last_edited=&#8221;off|desktop&#8221; custom_padding=&#8221;6vw|6vw|6vw|6vw|true|true&#8221; da_disable_devices=&#8221;off|off|off&#8221; locked=&#8221;off&#8221; collapsed=&#8221;on&#8221; global_colors_info=&#8221;{%22gcid-1b3c32b3-47a7-43a2-aa95-46c707124d7b%22:%91%22background_color%22,%22background_color_gradient_stops%22,%22background_color%22,%22background_color_gradient_stops%22,%22background_color_gradient_stops%22%93,%22gcid-b11513af-1b2a-4de7-ba7d-a80ed7bd01a9%22:%91%22background_color_gradient_stops%22,%22background_color_gradient_stops%22,%22background_color_gradient_stops%22%93}&#8221; da_is_popup=&#8221;off&#8221; da_exit_intent=&#8221;off&#8221; da_has_close=&#8221;on&#8221; da_alt_close=&#8221;off&#8221; da_dark_close=&#8221;off&#8221; da_not_modal=&#8221;on&#8221; da_is_singular=&#8221;off&#8221; da_with_loader=&#8221;off&#8221; da_has_shadow=&#8221;on&#8221;][et_pb_row _builder_version=&#8221;4.20.4&#8243; _module_preset=&#8221;default&#8221; background_color=&#8221;#FAFAFA&#8221; width=&#8221;100%&#8221; custom_padding=&#8221;6%|6%|6%|6%|true|true&#8221; scroll_vertical_motion=&#8221;0|50|50|100|1|0|-1&#8243; global_colors_info=&#8221;{}&#8221;][et_pb_column type=&#8221;4_4&#8243; _builder_version=&#8221;4.23.2&#8243; _module_preset=&#8221;default&#8221; global_colors_info=&#8221;{}&#8221;][et_pb_image src=&#8221;https:\/\/sydere.polito.it\/wp-content\/uploads\/2025\/03\/sydere-website-logo-tecnologico-de-monterrey.png&#8221; title_text=&#8221;sydere-website-logo-tecnologico-de-monterrey&#8221; align=&#8221;center&#8221; _builder_version=&#8221;4.20.4&#8243; _module_preset=&#8221;default&#8221; max_width=&#8221;60vw&#8221; global_colors_info=&#8221;{}&#8221;][\/et_pb_image][et_pb_toggle title=&#8221;Arqueolog\u00eda en tr\u00e1nsito&#8221; open_toggle_text_color=&#8221;gcid-b11d49f2-4959-4e90-811e-26a12b68fe62&#8243; open_toggle_background_color=&#8221;RGBA(255,255,255,0)&#8221; closed_toggle_background_color=&#8221;RGBA(255,255,255,0)&#8221; icon_color=&#8221;gcid-b11d49f2-4959-4e90-811e-26a12b68fe62&#8243; toggle_icon=&#8221;&#x22;||divi||400&#8243; use_icon_font_size=&#8221;on&#8221; icon_font_size=&#8221;35px&#8221; open_icon_color=&#8221;gcid-b11d49f2-4959-4e90-811e-26a12b68fe62&#8243; open_toggle_icon=&#8221;&#x21;||divi||400&#8243; open_use_icon_font_size=&#8221;on&#8221; open_icon_font_size=&#8221;35px&#8221; _builder_version=&#8221;4.20.4&#8243; _module_preset=&#8221;default&#8221; title_text_color=&#8221;gcid-b11d49f2-4959-4e90-811e-26a12b68fe62&#8243; title_level=&#8221;h2&#8243; title_font_size=&#8221;40px&#8221; title_line_height=&#8221;1.1em&#8221; title_font_size_tablet=&#8221;35px&#8221; title_font_size_phone=&#8221;5vw&#8221; title_font_size_last_edited=&#8221;on|phone&#8221; border_width_all=&#8221;0px&#8221; global_colors_info=&#8221;{%22gcid-b11d49f2-4959-4e90-811e-26a12b68fe62%22:%91%22open_toggle_text_color%22,%22title_text_color%22,%22open_icon_color%22,%22icon_color%22%93}&#8221; content__hover_enabled=&#8221;off|desktop&#8221;]<\/p>\n<p>L'esposizione itinerante Arqueolog\u00eda en tr\u00e1nsito, inaugurata a Tijuana durante la Design Week 2024 e riallestita a San Diego, esplora la relazione tra individui e artefatti per analizzare le complessit\u00e0 della migrazione contemporanea. Frutto di una ricerca collaborativa del Tecnologico de Monterrey, ha raccolto oggetti simbolici da vari territori messicani. La metodologia si \u00e8 basata su laboratori co-creativi, classificando gli artefatti per utilit\u00e0, rilevanza storica, carico emozionale e impatto sociale. La mostra utilizza archeologia, etnografia e design per narrare le esperienze migratorie, evidenziando il ruolo degli oggetti nel contesto dei confini globali. Invitando alla riflessione sulla costruzione di barriere e l\u2019aumento delle migrazioni, Arqueolog\u00eda en tr\u00e1nsito ha promosso empatia e consapevolezza, dimostrando il potere trasformativo del design e della ricerca nel comprendere le sfide della societ\u00e0 contemporanea.<\/p>\n<p>Arqueolog\u00eda en Tr\u00e1nsito\u201d \u00e8 la mostra, a cura di Pier Paolo Peruccio e Jos\u00e8 de la O,  aperta a Tijuana (Messico) e a San Diego (USA) durante le due Design Week: rispettivamente, 4- 5 maggio 2024 e 19-25 settembre 2024.<\/p>\n<p>[\/et_pb_toggle][\/et_pb_column][\/et_pb_row][\/et_pb_section][et_pb_section fb_built=&#8221;1&#8243; admin_label=&#8221;Project&#8221; _builder_version=&#8221;4.20.4&#8243; _module_preset=&#8221;default&#8221; background_image=&#8221;https:\/\/sydere.polito.it\/wp-content\/uploads\/2025\/03\/sydere-website-content-olivetti.png&#8221; parallax=&#8221;on&#8221; parallax_method=&#8221;off&#8221; custom_margin=&#8221;5vw|5vw|5vw|5vw|true|true&#8221; custom_margin_tablet=&#8221;||||true|true&#8221; custom_margin_phone=&#8221;0%|0%|0%|0%|true|true&#8221; custom_margin_last_edited=&#8221;off|desktop&#8221; custom_padding=&#8221;6vw|6vw|6vw|6vw|true|true&#8221; da_disable_devices=&#8221;off|off|off&#8221; locked=&#8221;off&#8221; collapsed=&#8221;on&#8221; global_colors_info=&#8221;{%22gcid-1b3c32b3-47a7-43a2-aa95-46c707124d7b%22:%91%22background_color%22,%22background_color_gradient_stops%22,%22background_color%22,%22background_color_gradient_stops%22,%22background_color_gradient_stops%22%93,%22gcid-b11513af-1b2a-4de7-ba7d-a80ed7bd01a9%22:%91%22background_color_gradient_stops%22,%22background_color_gradient_stops%22,%22background_color_gradient_stops%22%93}&#8221; da_is_popup=&#8221;off&#8221; da_exit_intent=&#8221;off&#8221; da_has_close=&#8221;on&#8221; da_alt_close=&#8221;off&#8221; da_dark_close=&#8221;off&#8221; da_not_modal=&#8221;on&#8221; da_is_singular=&#8221;off&#8221; da_with_loader=&#8221;off&#8221; da_has_shadow=&#8221;on&#8221;][et_pb_row _builder_version=&#8221;4.20.4&#8243; _module_preset=&#8221;default&#8221; background_color=&#8221;#FAFAFA&#8221; width=&#8221;100%&#8221; custom_padding=&#8221;6%|6%|6%|6%|true|true&#8221; scroll_vertical_motion=&#8221;0|50|50|100|1|0|-1&#8243; global_colors_info=&#8221;{}&#8221;][et_pb_column type=&#8221;4_4&#8243; _builder_version=&#8221;4.23.2&#8243; _module_preset=&#8221;default&#8221; global_colors_info=&#8221;{}&#8221;][et_pb_image src=&#8221;https:\/\/sydere.polito.it\/wp-content\/uploads\/2025\/03\/sydere-website-logo-olivetti-2.png&#8221; title_text=&#8221;sydere-website-logo-olivetti-2&#8243; align=&#8221;center&#8221; _builder_version=&#8221;4.20.4&#8243; _module_preset=&#8221;default&#8221; height=&#8221;9vh&#8221; global_colors_info=&#8221;{}&#8221;][\/et_pb_image][et_pb_toggle title=&#8221;Olivetti en M\u00e9xico: dise\u00f1o, comunicaci\u00f3n, arquitectura&#8221; open_toggle_text_color=&#8221;gcid-b11d49f2-4959-4e90-811e-26a12b68fe62&#8243; open_toggle_background_color=&#8221;RGBA(255,255,255,0)&#8221; closed_toggle_background_color=&#8221;RGBA(255,255,255,0)&#8221; icon_color=&#8221;gcid-b11d49f2-4959-4e90-811e-26a12b68fe62&#8243; toggle_icon=&#8221;&#x22;||divi||400&#8243; use_icon_font_size=&#8221;on&#8221; icon_font_size=&#8221;35px&#8221; open_icon_color=&#8221;gcid-b11d49f2-4959-4e90-811e-26a12b68fe62&#8243; open_toggle_icon=&#8221;&#x21;||divi||400&#8243; open_use_icon_font_size=&#8221;on&#8221; open_icon_font_size=&#8221;35px&#8221; _builder_version=&#8221;4.20.4&#8243; _module_preset=&#8221;default&#8221; title_text_color=&#8221;gcid-b11d49f2-4959-4e90-811e-26a12b68fe62&#8243; title_level=&#8221;h2&#8243; title_font_size=&#8221;40px&#8221; title_line_height=&#8221;1.1em&#8221; title_font_size_tablet=&#8221;35px&#8221; title_font_size_phone=&#8221;5vw&#8221; title_font_size_last_edited=&#8221;on|phone&#8221; border_width_all=&#8221;0px&#8221; global_colors_info=&#8221;{%22gcid-b11d49f2-4959-4e90-811e-26a12b68fe62%22:%91%22open_toggle_text_color%22,%22title_text_color%22,%22open_icon_color%22,%22icon_color%22%93}&#8221; content__hover_enabled=&#8221;off|desktop&#8221; content__hover=&#8221;The project aims to conduct in-depth historical research on the heritage of Cantieri Navali RIVA, a leading luxury yacht building brand founded in 1842 in Sarnico (BG), on the shores of Lake Iseo. The program has a special focus on the history of the Aquarama speedboat, an authentic design icon since 1962. Adopting a methodology of historical research linked to systemic thinking, the research contributes to enhance and communicate the multiple narratives that the heritage of the Riva shipyard encompasses: from technological to corporate history, from design to communication without neglecting industrial relations. The project aims to enhance the shipyard&#8217;s tradition and innovation, highlighting the link between craftsmanship and technology, distinctive elements that have made Riva a symbol of excellence and refinement in the luxury yachting sector. &#8220;]<\/p>\n<p>Il progetto Olivetti Design Talks nasce con l\u2019obiettivo di raccontare l\u2019innovazione storica dell\u2019Olivetti in modo creativo e coinvolgente, rivolgendo particolare attenzione ai giovani e mantenendo viva la tradizione di collaborazione con il Politecnico di Torino. Originariamente pensato come una serie di incontri dal vivo nell\u2019Auditorium di Casa Blu a Ivrea, il progetto \u00e8 stato adattato alla pandemia attraverso un \"auditorium virtuale\", sfruttando gli strumenti digitali per raggiungere un pubblico globale. Il progetto riunisce esperti di vari settori (storici, designer, imprenditori, filosofi, ecc.) per esplorare diversi aspetti della storia di Olivetti, dalla sua architettura al design, e affrontare temi legati all\u2019innovazione. Un caso emblematico \u00e8 la Lettera 22, simbolo dell'eccellenza Olivetti, che rappresenta un punto di partenza per una riflessione pi\u00f9 ampia sulla storia e il futuro dell'azienda, con una narrazione che unisce passato e futuro.<\/p>\n<p>[\/et_pb_toggle][\/et_pb_column][\/et_pb_row][\/et_pb_section][et_pb_section fb_built=&#8221;1&#8243; admin_label=&#8221;Canavese&#8221; _builder_version=&#8221;4.20.4&#8243; _module_preset=&#8221;default&#8221; background_image=&#8221;https:\/\/sydere.polito.it\/wp-content\/uploads\/2025\/03\/sydere-website-project-canavese-2.png&#8221; parallax=&#8221;on&#8221; parallax_method=&#8221;off&#8221; custom_margin=&#8221;5vw|5vw|5vw|5vw|true|true&#8221; custom_margin_tablet=&#8221;||||true|true&#8221; custom_margin_phone=&#8221;0%|0%|0%|0%|true|true&#8221; custom_margin_last_edited=&#8221;off|desktop&#8221; custom_padding=&#8221;6vw|6vw|6vw|6vw|true|true&#8221; da_disable_devices=&#8221;off|off|off&#8221; locked=&#8221;off&#8221; collapsed=&#8221;on&#8221; global_colors_info=&#8221;{%22gcid-1b3c32b3-47a7-43a2-aa95-46c707124d7b%22:%91%22background_color%22,%22background_color_gradient_stops%22,%22background_color%22,%22background_color_gradient_stops%22,%22background_color_gradient_stops%22%93,%22gcid-b11513af-1b2a-4de7-ba7d-a80ed7bd01a9%22:%91%22background_color_gradient_stops%22,%22background_color_gradient_stops%22,%22background_color_gradient_stops%22%93}&#8221; da_is_popup=&#8221;off&#8221; da_exit_intent=&#8221;off&#8221; da_has_close=&#8221;on&#8221; da_alt_close=&#8221;off&#8221; da_dark_close=&#8221;off&#8221; da_not_modal=&#8221;on&#8221; da_is_singular=&#8221;off&#8221; da_with_loader=&#8221;off&#8221; da_has_shadow=&#8221;on&#8221;][et_pb_row _builder_version=&#8221;4.20.4&#8243; _module_preset=&#8221;default&#8221; background_color=&#8221;#FAFAFA&#8221; width=&#8221;100%&#8221; custom_padding=&#8221;6%|6%|6%|6%|true|true&#8221; scroll_vertical_motion=&#8221;0|50|50|100|1|0|-1&#8243; collapsed=&#8221;off&#8221; global_colors_info=&#8221;{}&#8221;][et_pb_column type=&#8221;4_4&#8243; _builder_version=&#8221;4.23.2&#8243; _module_preset=&#8221;default&#8221; global_colors_info=&#8221;{}&#8221;][et_pb_image src=&#8221;https:\/\/sydere.polito.it\/wp-content\/uploads\/2025\/03\/sydere-website-content-canavese.png&#8221; title_text=&#8221;sydere-website-content-canavese&#8221; align=&#8221;center&#8221; disabled_on=&#8221;off|off|off&#8221; _builder_version=&#8221;4.20.4&#8243; _module_preset=&#8221;default&#8221; width=&#8221;50%&#8221; locked=&#8221;off&#8221; global_colors_info=&#8221;{}&#8221;][\/et_pb_image][et_pb_toggle title=&#8221;Canavese 2030&#8243; open_toggle_text_color=&#8221;gcid-b11d49f2-4959-4e90-811e-26a12b68fe62&#8243; open_toggle_background_color=&#8221;RGBA(255,255,255,0)&#8221; closed_toggle_background_color=&#8221;RGBA(255,255,255,0)&#8221; icon_color=&#8221;gcid-b11d49f2-4959-4e90-811e-26a12b68fe62&#8243; toggle_icon=&#8221;&#x22;||divi||400&#8243; use_icon_font_size=&#8221;on&#8221; icon_font_size=&#8221;35px&#8221; open_icon_color=&#8221;gcid-b11d49f2-4959-4e90-811e-26a12b68fe62&#8243; open_toggle_icon=&#8221;&#x21;||divi||400&#8243; open_use_icon_font_size=&#8221;on&#8221; open_icon_font_size=&#8221;35px&#8221; admin_label=&#8221;Canavese&#8221; _builder_version=&#8221;4.20.4&#8243; _module_preset=&#8221;default&#8221; title_text_color=&#8221;gcid-b11d49f2-4959-4e90-811e-26a12b68fe62&#8243; title_level=&#8221;h2&#8243; title_font_size=&#8221;40px&#8221; title_line_height=&#8221;1.1em&#8221; title_font_size_tablet=&#8221;35px&#8221; title_font_size_phone=&#8221;5vw&#8221; title_font_size_last_edited=&#8221;on|phone&#8221; border_width_all=&#8221;0px&#8221; global_colors_info=&#8221;{%22gcid-b11d49f2-4959-4e90-811e-26a12b68fe62%22:%91%22open_toggle_text_color%22,%22title_text_color%22,%22open_icon_color%22,%22icon_color%22%93}&#8221; content__hover_enabled=&#8221;off|desktop&#8221;]<\/p>\n<p>Il progetto si inserisce nell\u2019ambito di Canavese 2030, un think tank indipendente di ispirazione civica nato con l\u2019obiettivo di promuovere lo sviluppo sostenibile, culturale ed economico del territorio canavesano. L\u2019iniziativa si concentra sulla creazione di un progetto di identit\u00e0 visiva e sulla valorizzazione delle risorse locali, adottando un approccio sistemico che considera le connessioni tra ambiente, comunit\u00e0, economia e cultura per favorire una crescita equilibrata e duratura.<\/p>\n<p>Attraverso un processo partecipativo e collaborativo, il progetto coinvolge Confindustria Canavese e numerosi altri enti locali, istituzioni e realt\u00e0 del territorio, con l\u2019intento di stimolare un senso di appartenenza e consapevolezza tra i cittadini. L\u2019identit\u00e0 visiva sviluppata mira a rappresentare in modo coerente e riconoscibile le peculiarit\u00e0 del Canavese, evidenziandone le tradizioni, le eccellenze produttive e le bellezze paesaggistiche.<\/p>\n<p>[\/et_pb_toggle][\/et_pb_column][\/et_pb_row][\/et_pb_section][et_pb_section fb_built=&#8221;1&#8243; admin_label=&#8221;Project&#8221; _builder_version=&#8221;4.20.4&#8243; _module_preset=&#8221;default&#8221; background_image=&#8221;https:\/\/sydere.polito.it\/wp-content\/uploads\/2025\/02\/sydere-project-gaudenzio.jpg&#8221; parallax=&#8221;on&#8221; parallax_method=&#8221;off&#8221; custom_margin=&#8221;5vw|5vw|5vw|5vw|true|true&#8221; custom_margin_tablet=&#8221;||||true|true&#8221; custom_margin_phone=&#8221;0%|0%|0%|0%|true|true&#8221; custom_margin_last_edited=&#8221;off|desktop&#8221; custom_padding=&#8221;6vw|6vw|6vw|6vw|true|true&#8221; da_disable_devices=&#8221;off|off|off&#8221; locked=&#8221;off&#8221; collapsed=&#8221;on&#8221; global_colors_info=&#8221;{%22gcid-1b3c32b3-47a7-43a2-aa95-46c707124d7b%22:%91%22background_color%22,%22background_color_gradient_stops%22,%22background_color%22,%22background_color_gradient_stops%22,%22background_color_gradient_stops%22%93,%22gcid-b11513af-1b2a-4de7-ba7d-a80ed7bd01a9%22:%91%22background_color_gradient_stops%22,%22background_color_gradient_stops%22,%22background_color_gradient_stops%22%93}&#8221; da_is_popup=&#8221;off&#8221; da_exit_intent=&#8221;off&#8221; da_has_close=&#8221;on&#8221; da_alt_close=&#8221;off&#8221; da_dark_close=&#8221;off&#8221; da_not_modal=&#8221;on&#8221; da_is_singular=&#8221;off&#8221; da_with_loader=&#8221;off&#8221; da_has_shadow=&#8221;on&#8221;][et_pb_row _builder_version=&#8221;4.20.4&#8243; _module_preset=&#8221;default&#8221; background_color=&#8221;#ffffff&#8221; width=&#8221;100%&#8221; custom_padding=&#8221;6%|6%|6%|6%|true|true&#8221; scroll_vertical_motion=&#8221;0|50|50|100|1|0|-1&#8243; global_colors_info=&#8221;{}&#8221;][et_pb_column type=&#8221;4_4&#8243; _builder_version=&#8221;4.23.2&#8243; _module_preset=&#8221;default&#8221; global_colors_info=&#8221;{}&#8221;][et_pb_image src=&#8221;https:\/\/sydere.polito.it\/wp-content\/uploads\/2025\/03\/sydere-website-logo-gaudenzio.jpg&#8221; title_text=&#8221;sydere-website-logo-gaudenzio&#8221; align=&#8221;center&#8221; _builder_version=&#8221;4.20.4&#8243; _module_preset=&#8221;default&#8221; global_colors_info=&#8221;{}&#8221;][\/et_pb_image][et_pb_toggle title=&#8221;The renaissance of Gaudenzio Ferrari&#8221; open_toggle_text_color=&#8221;gcid-b11d49f2-4959-4e90-811e-26a12b68fe62&#8243; open_toggle_background_color=&#8221;RGBA(255,255,255,0)&#8221; closed_toggle_background_color=&#8221;RGBA(255,255,255,0)&#8221; icon_color=&#8221;gcid-b11d49f2-4959-4e90-811e-26a12b68fe62&#8243; toggle_icon=&#8221;&#x22;||divi||400&#8243; use_icon_font_size=&#8221;on&#8221; icon_font_size=&#8221;35px&#8221; open_icon_color=&#8221;gcid-b11d49f2-4959-4e90-811e-26a12b68fe62&#8243; open_toggle_icon=&#8221;&#x21;||divi||400&#8243; open_use_icon_font_size=&#8221;on&#8221; open_icon_font_size=&#8221;35px&#8221; _builder_version=&#8221;4.20.4&#8243; _module_preset=&#8221;default&#8221; title_text_color=&#8221;gcid-b11d49f2-4959-4e90-811e-26a12b68fe62&#8243; title_level=&#8221;h2&#8243; title_font_size=&#8221;40px&#8221; title_line_height=&#8221;1.1em&#8221; title_font_size_tablet=&#8221;35px&#8221; title_font_size_phone=&#8221;5vw&#8221; title_font_size_last_edited=&#8221;on|phone&#8221; border_width_all=&#8221;0px&#8221; global_colors_info=&#8221;{%22gcid-b11d49f2-4959-4e90-811e-26a12b68fe62%22:%91%22open_toggle_text_color%22,%22title_text_color%22,%22open_icon_color%22,%22icon_color%22%93}&#8221; content__hover_enabled=&#8221;off|desktop&#8221;]<\/p>\n<p>La mostra diffusa Il Rinascimento di Gaudenzio Ferrari ha coinvolto Varallo, Vercelli e Novara tra marzo e settembre 2018, attirando oltre 37.000 visitatori. Promossa da Regione Piemonte e organizzata da Abbonamento Musei, ha esposto le opere dell'artista cinquecentesco, accompagnate da attivit\u00e0 culturali e partecipative. Il progetto mirava a valorizzare il patrimonio locale e a rigenerare territori marginali, stimolando cooperazione e sviluppo. La comunicazione, con una app e un logo dedicato, ha favorito il place branding, specialmente a Varallo, dove il simbolo di Gaudenzio \u00e8 stato adottato da produttori locali, rilanciando eccellenze come la toma Valsesia e la pantofola Walser. Il progetto ha attivato strategie di marketing territoriale e processi di valorizzazione destinati a proseguire con il supporto della Regione e degli enti locali.<\/p>\n<p>[\/et_pb_toggle][\/et_pb_column][\/et_pb_row][\/et_pb_section][et_pb_section fb_built=&#8221;1&#8243; admin_label=&#8221;Project&#8221; _builder_version=&#8221;4.20.4&#8243; _module_preset=&#8221;default&#8221; background_image=&#8221;https:\/\/sydere.polito.it\/wp-content\/uploads\/2025\/03\/sydere-website-content-crtarte.png&#8221; parallax=&#8221;on&#8221; parallax_method=&#8221;off&#8221; custom_margin=&#8221;5vw|5vw|5vw|5vw|true|true&#8221; custom_margin_tablet=&#8221;||||true|true&#8221; custom_margin_phone=&#8221;0%|0%|0%|0%|true|true&#8221; custom_margin_last_edited=&#8221;off|desktop&#8221; custom_padding=&#8221;6vw|6vw|6vw|6vw|true|true&#8221; da_disable_devices=&#8221;off|off|off&#8221; locked=&#8221;off&#8221; collapsed=&#8221;on&#8221; global_colors_info=&#8221;{%22gcid-1b3c32b3-47a7-43a2-aa95-46c707124d7b%22:%91%22background_color%22,%22background_color_gradient_stops%22,%22background_color%22,%22background_color_gradient_stops%22,%22background_color_gradient_stops%22%93,%22gcid-b11513af-1b2a-4de7-ba7d-a80ed7bd01a9%22:%91%22background_color_gradient_stops%22,%22background_color_gradient_stops%22,%22background_color_gradient_stops%22%93}&#8221; da_is_popup=&#8221;off&#8221; da_exit_intent=&#8221;off&#8221; da_has_close=&#8221;on&#8221; da_alt_close=&#8221;off&#8221; da_dark_close=&#8221;off&#8221; da_not_modal=&#8221;on&#8221; da_is_singular=&#8221;off&#8221; da_with_loader=&#8221;off&#8221; da_has_shadow=&#8221;on&#8221;][et_pb_row _builder_version=&#8221;4.20.4&#8243; _module_preset=&#8221;default&#8221; background_color=&#8221;#FAFAFA&#8221; width=&#8221;100%&#8221; custom_padding=&#8221;6%|6%|6%|6%|true|true&#8221; scroll_vertical_motion=&#8221;0|50|50|100|1|0|-1&#8243; global_colors_info=&#8221;{}&#8221;][et_pb_column type=&#8221;4_4&#8243; _builder_version=&#8221;4.23.2&#8243; _module_preset=&#8221;default&#8221; global_colors_info=&#8221;{}&#8221;][et_pb_image src=&#8221;https:\/\/sydere.polito.it\/wp-content\/uploads\/2025\/03\/sydere-website-logo-crtarte.png&#8221; title_text=&#8221;sydere-website-logo-crtarte&#8221; align=&#8221;center&#8221; _builder_version=&#8221;4.20.4&#8243; _module_preset=&#8221;default&#8221; global_colors_info=&#8221;{}&#8221;][\/et_pb_image][et_pb_toggle title=&#8221;CRT Arte: The masters of italian photography&#8221; open_toggle_text_color=&#8221;gcid-b11d49f2-4959-4e90-811e-26a12b68fe62&#8243; open_toggle_background_color=&#8221;RGBA(255,255,255,0)&#8221; closed_toggle_background_color=&#8221;RGBA(255,255,255,0)&#8221; icon_color=&#8221;gcid-b11d49f2-4959-4e90-811e-26a12b68fe62&#8243; toggle_icon=&#8221;&#x22;||divi||400&#8243; use_icon_font_size=&#8221;on&#8221; icon_font_size=&#8221;35px&#8221; open_icon_color=&#8221;gcid-b11d49f2-4959-4e90-811e-26a12b68fe62&#8243; open_toggle_icon=&#8221;&#x21;||divi||400&#8243; open_use_icon_font_size=&#8221;on&#8221; open_icon_font_size=&#8221;35px&#8221; _builder_version=&#8221;4.20.4&#8243; _module_preset=&#8221;default&#8221; title_text_color=&#8221;gcid-b11d49f2-4959-4e90-811e-26a12b68fe62&#8243; title_level=&#8221;h2&#8243; title_font_size=&#8221;40px&#8221; title_line_height=&#8221;1.1em&#8221; title_font_size_tablet=&#8221;35px&#8221; title_font_size_phone=&#8221;5vw&#8221; title_font_size_last_edited=&#8221;on|phone&#8221; border_width_all=&#8221;0px&#8221; global_colors_info=&#8221;{%22gcid-b11d49f2-4959-4e90-811e-26a12b68fe62%22:%91%22open_toggle_text_color%22,%22title_text_color%22,%22open_icon_color%22,%22icon_color%22%93}&#8221; content__hover_enabled=&#8221;off|desktop&#8221;]<\/p>\n<p>Il progetto si concentra in modo particolare sulla collezione della Fondazione per l'Arte Moderna e Contemporanea CRT, con un particolare focus sulla valorizzazione e promozione del segmento della fotografia italiana del dopoguerra, che costituisce una parte fondamentale di questa collezione. L\u2019iniziativa mira a esplorare come questa specifica area della fotografia si inserisca nel contesto pi\u00f9 ampio dell\u2019arte contemporanea, analizzando il suo sviluppo, le influenze e le evoluzioni storiche attraverso il tempo. Si articola in un approccio curatoriale che include la revisione critica e il confronto tra le opere fotografiche italiane postbelliche e altre esperienze internazionali, creando un dialogo tra le varie tradizioni artistiche e fotografiche. L\u2019intento \u00e8 quello di mettere in luce come la fotografia, nel periodo del dopoguerra, abbia assunto un ruolo centrale nell\u2019affrontare temi sociali, politici e culturali, riflettendo la trasformazione del panorama italiano e globale.<\/p>\n<p>[\/et_pb_toggle][\/et_pb_column][\/et_pb_row][\/et_pb_section][et_pb_section fb_built=&#8221;1&#8243; disabled_on=&#8221;on|on|on&#8221; admin_label=&#8221;Project&#8221; _builder_version=&#8221;4.20.4&#8243; _module_preset=&#8221;default&#8221; background_image=&#8221;https:\/\/sydere.polito.it\/wp-content\/uploads\/2025\/02\/sydere-project-via-dellacqua-2.jpg&#8221; parallax=&#8221;on&#8221; parallax_method=&#8221;off&#8221; custom_margin=&#8221;5vw|5vw|5vw|5vw|true|true&#8221; custom_margin_tablet=&#8221;||||true|true&#8221; custom_margin_phone=&#8221;0%|0%|0%|0%|true|true&#8221; custom_margin_last_edited=&#8221;off|desktop&#8221; custom_padding=&#8221;6vw|6vw|6vw|6vw|true|true&#8221; da_disable_devices=&#8221;off|off|off&#8221; disabled=&#8221;on&#8221; locked=&#8221;off&#8221; collapsed=&#8221;on&#8221; global_colors_info=&#8221;{%22gcid-1b3c32b3-47a7-43a2-aa95-46c707124d7b%22:%91%22background_color%22,%22background_color_gradient_stops%22,%22background_color%22,%22background_color_gradient_stops%22,%22background_color_gradient_stops%22%93,%22gcid-b11513af-1b2a-4de7-ba7d-a80ed7bd01a9%22:%91%22background_color_gradient_stops%22,%22background_color_gradient_stops%22,%22background_color_gradient_stops%22%93}&#8221; da_is_popup=&#8221;off&#8221; da_exit_intent=&#8221;off&#8221; da_has_close=&#8221;on&#8221; da_alt_close=&#8221;off&#8221; da_dark_close=&#8221;off&#8221; da_not_modal=&#8221;on&#8221; da_is_singular=&#8221;off&#8221; da_with_loader=&#8221;off&#8221; da_has_shadow=&#8221;on&#8221;][et_pb_row _builder_version=&#8221;4.20.4&#8243; _module_preset=&#8221;default&#8221; background_color=&#8221;#FAFAFA&#8221; width=&#8221;100%&#8221; custom_padding=&#8221;6%|6%|6%|6%|true|true&#8221; scroll_vertical_motion=&#8221;0|50|50|100|1|0|-1&#8243; global_colors_info=&#8221;{}&#8221;][et_pb_column type=&#8221;4_4&#8243; _builder_version=&#8221;4.23.2&#8243; _module_preset=&#8221;default&#8221; global_colors_info=&#8221;{}&#8221;][et_pb_toggle title=&#8221;%22La Via dell&#8217;Acqua%22&#8243; open_toggle_text_color=&#8221;gcid-b11d49f2-4959-4e90-811e-26a12b68fe62&#8243; open_toggle_background_color=&#8221;RGBA(255,255,255,0)&#8221; closed_toggle_background_color=&#8221;RGBA(255,255,255,0)&#8221; icon_color=&#8221;gcid-b11d49f2-4959-4e90-811e-26a12b68fe62&#8243; toggle_icon=&#8221;&#x22;||divi||400&#8243; use_icon_font_size=&#8221;on&#8221; icon_font_size=&#8221;35px&#8221; open_icon_color=&#8221;gcid-b11d49f2-4959-4e90-811e-26a12b68fe62&#8243; open_toggle_icon=&#8221;&#x21;||divi||400&#8243; open_use_icon_font_size=&#8221;on&#8221; open_icon_font_size=&#8221;35px&#8221; _builder_version=&#8221;4.20.4&#8243; _module_preset=&#8221;default&#8221; title_text_color=&#8221;gcid-b11d49f2-4959-4e90-811e-26a12b68fe62&#8243; title_level=&#8221;h2&#8243; title_font_size=&#8221;40px&#8221; title_line_height=&#8221;1.1em&#8221; title_font_size_tablet=&#8221;35px&#8221; title_font_size_phone=&#8221;5vw&#8221; title_font_size_last_edited=&#8221;on|phone&#8221; border_width_all=&#8221;0px&#8221; global_colors_info=&#8221;{%22gcid-b11d49f2-4959-4e90-811e-26a12b68fe62%22:%91%22open_toggle_text_color%22,%22title_text_color%22,%22open_icon_color%22,%22icon_color%22%93}&#8221; content__hover_enabled=&#8221;off|desktop&#8221;]<\/p>\n<p>Il progetto si propone di valorizzare e sensibilizzare sull\u2019importanza della risorsa acqua, con particolare attenzione ai territori occitani della Valle Stura, una regione ricca di biodiversit\u00e0 e risorse naturali. L\u2019acqua, elemento fondamentale per l\u2019ecosistema e la vita quotidiana, viene considerata non solo come una risorsa da preservare ma anche come un veicolo per innescare dinamiche virtuose che possano beneficiare l\u2019intero territorio. L\u2019analisi dei territori della Valle Stura si focalizza sulla comprensione delle caratteristiche naturali e culturali locali, cercando di integrare l\u2019acqua come punto di partenza per una riflessione pi\u00f9 ampia su come le risorse naturali possano essere gestite in modo sostenibile. Il progetto si concentra sull'interconnessione tra la natura e le filiere produttive locali, promuovendo l'adozione di pratiche agricole e industriali che adottano i principi dell\u2019economia circolare.<\/p>\n<p>[\/et_pb_toggle][\/et_pb_column][\/et_pb_row][\/et_pb_section][et_pb_section fb_built=&#8221;1&#8243; disabled_on=&#8221;on|on|on&#8221; admin_label=&#8221;Project&#8221; _builder_version=&#8221;4.20.4&#8243; _module_preset=&#8221;default&#8221; background_image=&#8221;https:\/\/sydere.polito.it\/wp-content\/uploads\/2025\/02\/sydere-project-faristic-heritage.jpg&#8221; parallax=&#8221;on&#8221; parallax_method=&#8221;off&#8221; custom_margin=&#8221;5vw|5vw|5vw|5vw|true|true&#8221; custom_margin_tablet=&#8221;||||true|true&#8221; custom_margin_phone=&#8221;0%|0%|0%|0%|true|true&#8221; custom_margin_last_edited=&#8221;off|desktop&#8221; custom_padding=&#8221;6vw|6vw|6vw|6vw|true|true&#8221; da_disable_devices=&#8221;off|off|off&#8221; disabled=&#8221;on&#8221; locked=&#8221;off&#8221; collapsed=&#8221;on&#8221; global_colors_info=&#8221;{%22gcid-1b3c32b3-47a7-43a2-aa95-46c707124d7b%22:%91%22background_color%22,%22background_color_gradient_stops%22,%22background_color%22,%22background_color_gradient_stops%22,%22background_color_gradient_stops%22%93,%22gcid-b11513af-1b2a-4de7-ba7d-a80ed7bd01a9%22:%91%22background_color_gradient_stops%22,%22background_color_gradient_stops%22,%22background_color_gradient_stops%22%93}&#8221; da_is_popup=&#8221;off&#8221; da_exit_intent=&#8221;off&#8221; da_has_close=&#8221;on&#8221; da_alt_close=&#8221;off&#8221; da_dark_close=&#8221;off&#8221; da_not_modal=&#8221;on&#8221; da_is_singular=&#8221;off&#8221; da_with_loader=&#8221;off&#8221; da_has_shadow=&#8221;on&#8221;][et_pb_row _builder_version=&#8221;4.20.4&#8243; _module_preset=&#8221;default&#8221; background_color=&#8221;#FAFAFA&#8221; width=&#8221;100%&#8221; custom_padding=&#8221;6%|6%|6%|6%|true|true&#8221; scroll_vertical_motion=&#8221;0|50|50|100|1|0|-1&#8243; global_colors_info=&#8221;{}&#8221;][et_pb_column type=&#8221;4_4&#8243; _builder_version=&#8221;4.23.2&#8243; _module_preset=&#8221;default&#8221; global_colors_info=&#8221;{}&#8221;][et_pb_toggle title=&#8221;Systemic Design for the enhancement of the faristic heritage of the upper Thyrrenian Sea &#8221; open_toggle_text_color=&#8221;gcid-b11d49f2-4959-4e90-811e-26a12b68fe62&#8243; open_toggle_background_color=&#8221;RGBA(255,255,255,0)&#8221; closed_toggle_background_color=&#8221;RGBA(255,255,255,0)&#8221; icon_color=&#8221;gcid-b11d49f2-4959-4e90-811e-26a12b68fe62&#8243; toggle_icon=&#8221;&#x22;||divi||400&#8243; use_icon_font_size=&#8221;on&#8221; icon_font_size=&#8221;35px&#8221; open_icon_color=&#8221;gcid-b11d49f2-4959-4e90-811e-26a12b68fe62&#8243; open_toggle_icon=&#8221;&#x21;||divi||400&#8243; open_use_icon_font_size=&#8221;on&#8221; open_icon_font_size=&#8221;35px&#8221; _builder_version=&#8221;4.20.4&#8243; _module_preset=&#8221;default&#8221; title_text_color=&#8221;gcid-b11d49f2-4959-4e90-811e-26a12b68fe62&#8243; title_level=&#8221;h2&#8243; title_font_size=&#8221;40px&#8221; title_line_height=&#8221;1.1em&#8221; title_font_size_tablet=&#8221;35px&#8221; title_font_size_phone=&#8221;5vw&#8221; title_font_size_last_edited=&#8221;on|phone&#8221; border_width_all=&#8221;0px&#8221; global_colors_info=&#8221;{%22gcid-b11d49f2-4959-4e90-811e-26a12b68fe62%22:%91%22open_toggle_text_color%22,%22title_text_color%22,%22open_icon_color%22,%22icon_color%22%93}&#8221; content__hover_enabled=&#8221;off|desktop&#8221;]<\/p>\n<p>Il progetto di ricerca mira a valorizzare il patrimonio dei Fari Italiani, esplorando il sistema di relazioni tra i fari anzich\u00e9 limitarsi all'aspetto architettonico. Utilizzando un approccio sistemico, il progetto si concentra sul contesto costiero, con la Marina Militare Italiana come partner chiave. Un Protocollo d\u2019intesa, firmato nel 2019 tra il Politecnico di Torino e la Marina Militare, ha avviato una ricerca annuale per valorizzare il patrimonio dei fari in Italia e Francia, con un focus sul territorio dell'Alto Tirreno. Il progetto ha portato alla creazione di un network sistemico tra Liguria, Toscana e Corsica.<br \/>Un altro risultato significativo \u00e8 la tesi di laurea \"Lighthouse Living Lab \u2013 Il Tino\", sviluppata da due studentesse, che ha contribuito al concorso europeo New European Bauhaus, rappresentando un passo significativo verso il riconoscimento delle aree costiere come patrimonio culturale.<\/p>\n<p>[\/et_pb_toggle][\/et_pb_column][\/et_pb_row][\/et_pb_section][et_pb_section fb_built=&#8221;1&#8243; admin_label=&#8221;Project&#8221; _builder_version=&#8221;4.20.4&#8243; _module_preset=&#8221;default&#8221; background_image=&#8221;https:\/\/sydere.polito.it\/wp-content\/uploads\/2025\/03\/sydere-website-project-tebenghi.jpg&#8221; parallax=&#8221;on&#8221; parallax_method=&#8221;off&#8221; custom_margin=&#8221;5vw|5vw|5vw|5vw|true|true&#8221; custom_margin_tablet=&#8221;||||true|true&#8221; custom_margin_phone=&#8221;0%|0%|0%|0%|true|true&#8221; custom_margin_last_edited=&#8221;off|desktop&#8221; custom_padding=&#8221;6vw|6vw|6vw|6vw|true|true&#8221; da_disable_devices=&#8221;off|off|off&#8221; locked=&#8221;off&#8221; collapsed=&#8221;on&#8221; global_colors_info=&#8221;{%22gcid-1b3c32b3-47a7-43a2-aa95-46c707124d7b%22:%91%22background_color%22,%22background_color_gradient_stops%22,%22background_color%22,%22background_color_gradient_stops%22,%22background_color_gradient_stops%22%93,%22gcid-b11513af-1b2a-4de7-ba7d-a80ed7bd01a9%22:%91%22background_color_gradient_stops%22,%22background_color_gradient_stops%22,%22background_color_gradient_stops%22%93}&#8221; da_is_popup=&#8221;off&#8221; da_exit_intent=&#8221;off&#8221; da_has_close=&#8221;on&#8221; da_alt_close=&#8221;off&#8221; da_dark_close=&#8221;off&#8221; da_not_modal=&#8221;on&#8221; da_is_singular=&#8221;off&#8221; da_with_loader=&#8221;off&#8221; da_has_shadow=&#8221;on&#8221;][et_pb_row _builder_version=&#8221;4.20.4&#8243; _module_preset=&#8221;default&#8221; background_color=&#8221;#FAFAFA&#8221; width=&#8221;100%&#8221; custom_padding=&#8221;6%|6%|6%|6%|true|true&#8221; scroll_vertical_motion=&#8221;0|50|50|100|1|0|-1&#8243; global_colors_info=&#8221;{}&#8221;][et_pb_column type=&#8221;4_4&#8243; _builder_version=&#8221;4.23.2&#8243; _module_preset=&#8221;default&#8221; global_colors_info=&#8221;{}&#8221;][et_pb_toggle title=&#8221;Museo del Tempo | Mario Tebenghi&#8221; open_toggle_text_color=&#8221;gcid-b11d49f2-4959-4e90-811e-26a12b68fe62&#8243; open_toggle_background_color=&#8221;RGBA(255,255,255,0)&#8221; closed_toggle_background_color=&#8221;RGBA(255,255,255,0)&#8221; icon_color=&#8221;gcid-b11d49f2-4959-4e90-811e-26a12b68fe62&#8243; toggle_icon=&#8221;&#x22;||divi||400&#8243; use_icon_font_size=&#8221;on&#8221; icon_font_size=&#8221;35px&#8221; open_icon_color=&#8221;gcid-b11d49f2-4959-4e90-811e-26a12b68fe62&#8243; open_toggle_icon=&#8221;&#x21;||divi||400&#8243; open_use_icon_font_size=&#8221;on&#8221; open_icon_font_size=&#8221;35px&#8221; _builder_version=&#8221;4.20.4&#8243; _module_preset=&#8221;default&#8221; title_text_color=&#8221;gcid-b11d49f2-4959-4e90-811e-26a12b68fe62&#8243; title_level=&#8221;h2&#8243; title_font_size=&#8221;40px&#8221; title_line_height=&#8221;1.1em&#8221; title_font_size_tablet=&#8221;35px&#8221; title_font_size_phone=&#8221;5vw&#8221; title_font_size_last_edited=&#8221;on|phone&#8221; border_width_all=&#8221;0px&#8221; global_colors_info=&#8221;{%22gcid-b11d49f2-4959-4e90-811e-26a12b68fe62%22:%91%22open_toggle_text_color%22,%22title_text_color%22,%22open_icon_color%22,%22icon_color%22%93}&#8221; content__hover_enabled=&#8221;off|desktop&#8221;]<\/p>\n<p>Questo progetto, attualmente in fase embrionale, nasce con l\u2019obiettivo di riscoprire e valorizzare l\u2019opera di Mario Tebenghi, grafico pubblicitario piemontese noto per il suo contributo nell\u2019ambito dell\u2019arte e dell\u2019artigianato applicati alla realizzazione e al restauro di meridiani e meridiane. La sua attivit\u00e0, svolta prevalentemente in Piemonte, ma anche in Valle d'Aosta, Lombardia e Liguria, ha lasciato un segno importante nel panorama culturale e artistico del Nord Italia, contribuendo alla conservazione di un patrimonio spesso trascurato ma di grande valore storico e simbolico.<\/p>\n<p>Il progetto si propone di approfondire la figura e il lavoro di Tebenghi attraverso la raccolta, lo studio e la documentazione delle sue opere. L\u2019iniziativa punta a restituire visibilit\u00e0 a questi manufatti che, oltre a svolgere una funzione pratica, rappresentano espressioni artistiche legate alla tradizione e all\u2019identit\u00e0 locale. In futuro, si prevede di realizzare mostre, pubblicazioni e percorsi culturali.<\/p>\n<p>[\/et_pb_toggle][\/et_pb_column][\/et_pb_row][\/et_pb_section][et_pb_section fb_built=&#8221;1&#8243; custom_padding_last_edited=&#8221;on|tablet&#8221; admin_label=&#8221;Clients&#8221; _builder_version=&#8221;4.20.4&#8243; background_color=&#8221;#FFFFFF&#8221; custom_padding=&#8221;0vw||50px||false|false&#8221; custom_padding_tablet=&#8221;40px||0px||false|false&#8221; custom_padding_phone=&#8221;&#8221; da_disable_devices=&#8221;off|off|off&#8221; border_width_top=&#8221;20px&#8221; border_color_top=&#8221;gcid-b11d49f2-4959-4e90-811e-26a12b68fe62&#8243; locked=&#8221;off&#8221; global_colors_info=&#8221;{%22gcid-b11d49f2-4959-4e90-811e-26a12b68fe62%22:%91%22border_color_top%22%93}&#8221; da_is_popup=&#8221;off&#8221; da_exit_intent=&#8221;off&#8221; da_has_close=&#8221;on&#8221; da_alt_close=&#8221;off&#8221; da_dark_close=&#8221;off&#8221; da_not_modal=&#8221;on&#8221; da_is_singular=&#8221;off&#8221; da_with_loader=&#8221;off&#8221; da_has_shadow=&#8221;on&#8221;][et_pb_row _builder_version=&#8221;4.16&#8243; locked=&#8221;off&#8221; global_colors_info=&#8221;{}&#8221;][et_pb_column type=&#8221;4_4&#8243; saved_specialty_column_type=&#8221;3_4&#8243; _builder_version=&#8221;4.16&#8243; global_colors_info=&#8221;{}&#8221;][et_pb_text _builder_version=&#8221;4.19.5&#8243; header_2_font=&#8221;Roboto Condensed|700||on|||||&#8221; header_2_font_size=&#8221;80px&#8221; header_2_line_height=&#8221;1.1em&#8221; background_layout=&#8221;dark&#8221; header_2_font_size_tablet=&#8221;50px&#8221; header_2_font_size_phone=&#8221;30px&#8221; header_2_font_size_last_edited=&#8221;on|phone&#8221; locked=&#8221;off&#8221; global_colors_info=&#8221;{}&#8221;]<\/p>\n<h2 style=\"text-align: center;\"><span style=\"color: #000000;\">I nostri partner<\/span><\/h2>\n<p>[\/et_pb_text][\/et_pb_column][\/et_pb_row][et_pb_row column_structure=&#8221;1_4,1_4,1_4,1_4&#8243; _builder_version=&#8221;4.19.5&#8243; width=&#8221;92.3%&#8221; custom_padding=&#8221;|0px||||&#8221; global_colors_info=&#8221;{}&#8221;][et_pb_column type=&#8221;1_4&#8243; _builder_version=&#8221;4.16&#8243; global_colors_info=&#8221;{}&#8221;][et_pb_image src=&#8221;https:\/\/www.sydere.polito.it\/wp-content\/uploads\/2023\/02\/sydere-website-partners-crt-arte-100.jpg&#8221; title_text=&#8221;sydere-website-partners-crt-arte-100&#8243; url_new_window=&#8221;on&#8221; align=&#8221;center&#8221; align_phone=&#8221;center&#8221; align_last_edited=&#8221;off|desktop&#8221; _builder_version=&#8221;4.20.4&#8243; transform_translate_linked__hover=&#8221;off&#8221; global_colors_info=&#8221;{}&#8221; transform_styles__hover_enabled=&#8221;on|hover&#8221; transform_scale__hover_enabled=&#8221;on|desktop&#8221; transform_translate__hover_enabled=&#8221;on|hover&#8221; transform_rotate__hover_enabled=&#8221;on|desktop&#8221; transform_skew__hover_enabled=&#8221;on|desktop&#8221; transform_origin__hover_enabled=&#8221;on|desktop&#8221; transform_translate__hover=&#8221;0px|-10px&#8221;][\/et_pb_image][\/et_pb_column][et_pb_column type=&#8221;1_4&#8243; _builder_version=&#8221;4.16&#8243; global_colors_info=&#8221;{}&#8221;][et_pb_image src=&#8221;https:\/\/www.sydere.polito.it\/wp-content\/uploads\/2023\/02\/sydere-website-partners-crc-100.jpg&#8221; title_text=&#8221;sydere-website-partners-crc-100&#8243; url=&#8221;#&#8221; align=&#8221;center&#8221; align_phone=&#8221;center&#8221; align_last_edited=&#8221;off|desktop&#8221; _builder_version=&#8221;4.19.5&#8243; transform_translate_linked__hover=&#8221;off&#8221; locked=&#8221;off&#8221; global_colors_info=&#8221;{}&#8221; transform_styles__hover_enabled=&#8221;on|hover&#8221; transform_scale__hover_enabled=&#8221;on|desktop&#8221; transform_translate__hover_enabled=&#8221;on|hover&#8221; transform_rotate__hover_enabled=&#8221;on|desktop&#8221; transform_skew__hover_enabled=&#8221;on|desktop&#8221; transform_origin__hover_enabled=&#8221;on|desktop&#8221; transform_translate__hover=&#8221;0px|-10px&#8221;][\/et_pb_image][\/et_pb_column][et_pb_column type=&#8221;1_4&#8243; _builder_version=&#8221;4.16&#8243; global_colors_info=&#8221;{}&#8221;][et_pb_image src=&#8221;https:\/\/www.sydere.polito.it\/wp-content\/uploads\/2023\/02\/sydere-website-partners-huawei-100.jpg&#8221; title_text=&#8221;sydere-website-partners-huawei-100&#8243; url=&#8221;#&#8221; align=&#8221;center&#8221; align_phone=&#8221;center&#8221; align_last_edited=&#8221;off|desktop&#8221; _builder_version=&#8221;4.19.5&#8243; transform_translate_linked__hover=&#8221;off&#8221; locked=&#8221;off&#8221; global_colors_info=&#8221;{}&#8221; transform_styles__hover_enabled=&#8221;on|hover&#8221; transform_scale__hover_enabled=&#8221;on|desktop&#8221; transform_translate__hover_enabled=&#8221;on|hover&#8221; transform_rotate__hover_enabled=&#8221;on|desktop&#8221; transform_skew__hover_enabled=&#8221;on|desktop&#8221; transform_origin__hover_enabled=&#8221;on|desktop&#8221; transform_translate__hover=&#8221;0px|-10px&#8221;][\/et_pb_image][\/et_pb_column][et_pb_column type=&#8221;1_4&#8243; _builder_version=&#8221;4.16&#8243; global_colors_info=&#8221;{}&#8221;][et_pb_image src=&#8221;https:\/\/www.sydere.polito.it\/wp-content\/uploads\/2023\/02\/sydere-website-partners-bertoni-100.jpg&#8221; title_text=&#8221;sydere-website-partners-bertoni-100&#8243; url=&#8221;#&#8221; align=&#8221;center&#8221; align_phone=&#8221;center&#8221; align_last_edited=&#8221;off|desktop&#8221; _builder_version=&#8221;4.19.5&#8243; transform_translate_linked__hover=&#8221;off&#8221; locked=&#8221;off&#8221; global_colors_info=&#8221;{}&#8221; transform_styles__hover_enabled=&#8221;on|hover&#8221; transform_scale__hover_enabled=&#8221;on|desktop&#8221; transform_translate__hover_enabled=&#8221;on|hover&#8221; transform_rotate__hover_enabled=&#8221;on|desktop&#8221; transform_skew__hover_enabled=&#8221;on|desktop&#8221; transform_origin__hover_enabled=&#8221;on|desktop&#8221; transform_translate__hover=&#8221;0px|-10px&#8221;][\/et_pb_image][\/et_pb_column][\/et_pb_row][et_pb_row column_structure=&#8221;1_4,1_4,1_4,1_4&#8243; _builder_version=&#8221;4.19.5&#8243; width=&#8221;92.3%&#8221; custom_padding=&#8221;|0px||||&#8221; global_colors_info=&#8221;{}&#8221;][et_pb_column type=&#8221;1_4&#8243; _builder_version=&#8221;4.16&#8243; global_colors_info=&#8221;{}&#8221;][et_pb_image src=&#8221;https:\/\/www.sydere.polito.it\/wp-content\/uploads\/2023\/02\/sydere-website-partners-archivio-storico-olivetti-100.jpg&#8221; title_text=&#8221;sydere-website-partners-archivio-storico-olivetti-100&#8243; url=&#8221;#&#8221; align=&#8221;center&#8221; align_phone=&#8221;center&#8221; align_last_edited=&#8221;off|desktop&#8221; _builder_version=&#8221;4.19.5&#8243; transform_translate_linked__hover=&#8221;off&#8221; global_colors_info=&#8221;{}&#8221; transform_styles__hover_enabled=&#8221;on|hover&#8221; transform_scale__hover_enabled=&#8221;on|desktop&#8221; transform_translate__hover_enabled=&#8221;on|hover&#8221; transform_rotate__hover_enabled=&#8221;on|desktop&#8221; transform_skew__hover_enabled=&#8221;on|desktop&#8221; transform_origin__hover_enabled=&#8221;on|desktop&#8221; transform_translate__hover=&#8221;0px|-10px&#8221;][\/et_pb_image][\/et_pb_column][et_pb_column type=&#8221;1_4&#8243; _builder_version=&#8221;4.16&#8243; global_colors_info=&#8221;{}&#8221;][et_pb_image src=&#8221;https:\/\/www.sydere.polito.it\/wp-content\/uploads\/2023\/02\/sydere-website-partners-bioindustry-parl-100.jpg&#8221; title_text=&#8221;sydere-website-partners-bioindustry-parl-100&#8243; url=&#8221;#&#8221; align=&#8221;center&#8221; align_phone=&#8221;center&#8221; align_last_edited=&#8221;off|desktop&#8221; _builder_version=&#8221;4.19.5&#8243; transform_translate_linked__hover=&#8221;off&#8221; locked=&#8221;off&#8221; global_colors_info=&#8221;{}&#8221; transform_styles__hover_enabled=&#8221;on|hover&#8221; transform_scale__hover_enabled=&#8221;on|desktop&#8221; transform_translate__hover_enabled=&#8221;on|hover&#8221; transform_rotate__hover_enabled=&#8221;on|desktop&#8221; transform_skew__hover_enabled=&#8221;on|desktop&#8221; transform_origin__hover_enabled=&#8221;on|desktop&#8221; transform_translate__hover=&#8221;0px|-10px&#8221;][\/et_pb_image][\/et_pb_column][et_pb_column type=&#8221;1_4&#8243; _builder_version=&#8221;4.16&#8243; global_colors_info=&#8221;{}&#8221;][et_pb_image src=&#8221;https:\/\/www.sydere.polito.it\/wp-content\/uploads\/2023\/02\/sydere-website-partners-apm-100.jpg&#8221; title_text=&#8221;sydere-website-partners-apm-100&#8243; url=&#8221;#&#8221; align=&#8221;center&#8221; align_phone=&#8221;center&#8221; align_last_edited=&#8221;off|desktop&#8221; _builder_version=&#8221;4.19.5&#8243; transform_translate_linked__hover=&#8221;off&#8221; locked=&#8221;off&#8221; global_colors_info=&#8221;{}&#8221; transform_styles__hover_enabled=&#8221;on|hover&#8221; transform_scale__hover_enabled=&#8221;on|desktop&#8221; transform_translate__hover_enabled=&#8221;on|hover&#8221; transform_rotate__hover_enabled=&#8221;on|desktop&#8221; transform_skew__hover_enabled=&#8221;on|desktop&#8221; transform_origin__hover_enabled=&#8221;on|desktop&#8221; transform_translate__hover=&#8221;0px|-10px&#8221;][\/et_pb_image][\/et_pb_column][et_pb_column type=&#8221;1_4&#8243; _builder_version=&#8221;4.16&#8243; global_colors_info=&#8221;{}&#8221;][et_pb_image src=&#8221;https:\/\/www.sydere.polito.it\/wp-content\/uploads\/2023\/02\/sydere-website-partners-neb-100.jpg&#8221; title_text=&#8221;sydere-website-partners-neb-100&#8243; url=&#8221;#&#8221; align=&#8221;center&#8221; align_phone=&#8221;center&#8221; align_last_edited=&#8221;off|desktop&#8221; _builder_version=&#8221;4.19.5&#8243; transform_translate_linked__hover=&#8221;off&#8221; locked=&#8221;off&#8221; global_colors_info=&#8221;{}&#8221; transform_styles__hover_enabled=&#8221;on|hover&#8221; transform_scale__hover_enabled=&#8221;on|desktop&#8221; transform_translate__hover_enabled=&#8221;on|hover&#8221; transform_rotate__hover_enabled=&#8221;on|desktop&#8221; transform_skew__hover_enabled=&#8221;on|desktop&#8221; transform_origin__hover_enabled=&#8221;on|desktop&#8221; transform_translate__hover=&#8221;0px|-10px&#8221;][\/et_pb_image][\/et_pb_column][\/et_pb_row][et_pb_row column_structure=&#8221;1_2,1_2&#8243; _builder_version=&#8221;4.20.4&#8243; _module_preset=&#8221;default&#8221; global_colors_info=&#8221;{}&#8221;][et_pb_column type=&#8221;1_2&#8243; _builder_version=&#8221;4.20.4&#8243; _module_preset=&#8221;default&#8221; global_colors_info=&#8221;{}&#8221;][et_pb_image src=&#8221;https:\/\/sydere.polito.it\/wp-content\/uploads\/2024\/06\/Sydere-partner-tec-monterrey.png&#8221; title_text=&#8221;Sydere-partner-tec-monterrey&#8221; align=&#8221;center&#8221; _builder_version=&#8221;4.20.4&#8243; _module_preset=&#8221;default&#8221; global_colors_info=&#8221;{}&#8221;][\/et_pb_image][\/et_pb_column][et_pb_column type=&#8221;1_2&#8243; _builder_version=&#8221;4.20.4&#8243; _module_preset=&#8221;default&#8221; global_colors_info=&#8221;{}&#8221;][et_pb_image src=&#8221;https:\/\/sydere.polito.it\/wp-content\/uploads\/2024\/06\/Sydere-partner-promemoria-group.png&#8221; title_text=&#8221;Sydere-partner-promemoria-group&#8221; align=&#8221;center&#8221; _builder_version=&#8221;4.20.4&#8243; _module_preset=&#8221;default&#8221; global_colors_info=&#8221;{}&#8221;][\/et_pb_image][\/et_pb_column][\/et_pb_row][\/et_pb_section]<\/p>","protected":false},"excerpt":{"rendered":"<p>\u2014 PortfolioOur\u00a0ProjectsThe project, carried out in collaboration with Promemoria Group, aims to enhance the immense cultural heritage held in the archives of Oliviero Toscani, the internationally renowned photographer and communicator. This heritage includes a vast assortment of materials: thousands of photographs, many of them unpublished, personal and professional correspondence, as well as a large collection [&hellip;]<\/p>","protected":false},"author":1,"featured_media":0,"parent":0,"menu_order":0,"comment_status":"closed","ping_status":"closed","template":"","meta":{"_et_pb_use_builder":"on","_et_pb_old_content":"","_et_gb_content_width":"","_monsterinsights_skip_tracking":false,"_monsterinsights_sitenote_active":false,"_monsterinsights_sitenote_note":"","_monsterinsights_sitenote_category":0,"footnotes":""},"class_list":["post-584","page","type-page","status-publish","hentry"],"_links":{"self":[{"href":"https:\/\/sydere.polito.it\/it\/wp-json\/wp\/v2\/pages\/584","targetHints":{"allow":["GET"]}}],"collection":[{"href":"https:\/\/sydere.polito.it\/it\/wp-json\/wp\/v2\/pages"}],"about":[{"href":"https:\/\/sydere.polito.it\/it\/wp-json\/wp\/v2\/types\/page"}],"author":[{"embeddable":true,"href":"https:\/\/sydere.polito.it\/it\/wp-json\/wp\/v2\/users\/1"}],"replies":[{"embeddable":true,"href":"https:\/\/sydere.polito.it\/it\/wp-json\/wp\/v2\/comments?post=584"}],"version-history":[{"count":42,"href":"https:\/\/sydere.polito.it\/it\/wp-json\/wp\/v2\/pages\/584\/revisions"}],"predecessor-version":[{"id":851,"href":"https:\/\/sydere.polito.it\/it\/wp-json\/wp\/v2\/pages\/584\/revisions\/851"}],"wp:attachment":[{"href":"https:\/\/sydere.polito.it\/it\/wp-json\/wp\/v2\/media?parent=584"}],"curies":[{"name":"wp","href":"https:\/\/api.w.org\/{rel}","templated":true}]}}